{"id":22,"date":"2020-12-03T12:33:53","date_gmt":"2020-12-03T12:33:53","guid":{"rendered":"https:\/\/www.aregaymartin.cat\/?page_id=22"},"modified":"2020-12-16T10:32:43","modified_gmt":"2020-12-16T10:32:43","slug":"actualitat-juridica","status":"publish","type":"page","link":"https:\/\/www.aregaymartin.cat\/index.php\/actualitat-juridica\/","title":{"rendered":"Actualitat Jur\u00eddica"},"content":{"rendered":"<div class=\"fusion-fullwidth fullwidth-box fusion-builder-row-1 fusion-flex-container nonhundred-percent-fullwidth non-hundred-percent-height-scrolling\" style=\"--awb-border-radius-top-left:0px;--awb-border-radius-top-right:0px;--awb-border-radius-bottom-right:0px;--awb-border-radius-bottom-left:0px;--awb-flex-wrap:wrap;\" ><div class=\"fusion-builder-row fusion-row fusion-flex-align-items-flex-start fusion-flex-content-wrap\" style=\"max-width:1248px;margin-left: calc(-4% \/ 2 );margin-right: calc(-4% \/ 2 );\"><div class=\"fusion-layout-column fusion_builder_column fusion-builder-column-0 fusion_builder_column_1_1 1_1 fusion-flex-column\" style=\"--awb-bg-size:cover;--awb-width-large:100%;--awb-margin-top-large:0px;--awb-spacing-right-large:1.92%;--awb-margin-bottom-large:20px;--awb-spacing-left-large:1.92%;--awb-width-medium:100%;--awb-order-medium:0;--awb-spacing-right-medium:1.92%;--awb-spacing-left-medium:1.92%;--awb-width-small:100%;--awb-order-small:0;--awb-spacing-right-small:1.92%;--awb-spacing-left-small:1.92%;\"><div class=\"fusion-column-wrapper fusion-column-has-shadow fusion-flex-justify-content-flex-start fusion-content-layout-column\"><div class=\"fusion-blog-shortcode fusion-blog-shortcode-1 fusion-blog-archive fusion-blog-layout-grid-wrapper fusion-blog-pagination\"><style type=\"text\/css\">.fusion-blog-shortcode-1 .fusion-blog-layout-grid .fusion-post-grid{padding:20px;}.fusion-blog-shortcode-1 .fusion-posts-container{margin-left: -20px !important; margin-right:-20px !important;}<\/style><div class=\"fusion-posts-container fusion-posts-container-pagination fusion-blog-layout-grid fusion-blog-layout-grid-3 isotope fusion-blog-equal-heights\" data-pages=\"4\" data-grid-col-space=\"40\" style=\"margin: -20px -20px 0;min-height:500px;\"><article id=\"blog-1-post-570\" class=\"fusion-post-grid post-570 post type-post status-publish format-standard has-post-thumbnail hentry category-actualitat-juridica tag-desnonament tag-dret-successori tag-hereu-ocupa-habitatge tag-hereus\">\n<div class=\"fusion-post-wrapper\" style=\"background-color:rgba(255,255,255,0);border:1px solid #f2f3f5;border-bottom-width:3px;\">\n\n\t\t\t<div class=\"fusion-flexslider flexslider fusion-flexslider-loading fusion-post-slideshow\" style=\"border-color:#f2f3f5;\">\n\t\t<ul class=\"slides\">\n\t\t\t\n\t\t\t\t\t\t\t\t\t\t\t\t\t\t<li><div  class=\"fusion-image-wrapper\" aria-haspopup=\"true\">\n\t\t\t\t\t\t\t<a href=\"https:\/\/www.aregaymartin.cat\/index.php\/2023\/08\/22\/que-cal-fer-si-limmoble-que-heretem-esta-ocupat-per-un-hereu\/\" aria-label=\"QU\u00c8 CAL FER SI L\u2019IMMOBLE QUE HERETEM EST\u00c0 OCUPAT PER UN HEREU?\">\n\t\t\t\t\t\t\t<img decoding=\"async\" width=\"2560\" height=\"1873\" src=\"https:\/\/www.aregaymartin.cat\/wp-content\/uploads\/2023\/08\/shutterstock_499399975-1-scaled.jpg\" class=\"attachment-full size-full wp-post-image\" alt=\"\" srcset=\"https:\/\/www.aregaymartin.cat\/wp-content\/uploads\/2023\/08\/shutterstock_499399975-1-200x146.jpg 200w, https:\/\/www.aregaymartin.cat\/wp-content\/uploads\/2023\/08\/shutterstock_499399975-1-400x293.jpg 400w, https:\/\/www.aregaymartin.cat\/wp-content\/uploads\/2023\/08\/shutterstock_499399975-1-600x439.jpg 600w, https:\/\/www.aregaymartin.cat\/wp-content\/uploads\/2023\/08\/shutterstock_499399975-1-800x585.jpg 800w, https:\/\/www.aregaymartin.cat\/wp-content\/uploads\/2023\/08\/shutterstock_499399975-1-1200x878.jpg 1200w, https:\/\/www.aregaymartin.cat\/wp-content\/uploads\/2023\/08\/shutterstock_499399975-1-scaled.jpg 2560w\" sizes=\"(min-width: 2200px) 100vw, (min-width: 784px) 373px, (min-width: 712px) 560px, (min-width: 640px) 712px, \" \/>\t\t\t<\/a>\n\t\t\t\t\t\t\t<\/div>\n<\/li>\n\t\t\t\n\t\t\t\n\t\t\t\t\t\t\t\t\t\t\t\t\t\t\t\t\t\t\t\t\t\t\t\t\t\t\t\t\t\t\t\t\t\t\t\t\t\t\t\t\t\t\t\t\t\t\t\t\t\t\t\t\t\t\t\t\t\t\t\t\t\t\t\t\t\t\t\t<\/ul>\n\t<\/div>\n\t<div class=\"fusion-post-content-wrapper\" style=\"padding:30px 25px 25px 25px;\"><div class=\"fusion-post-content post-content\"><h2 class=\"blog-shortcode-post-title entry-title\"><a href=\"https:\/\/www.aregaymartin.cat\/index.php\/2023\/08\/22\/que-cal-fer-si-limmoble-que-heretem-esta-ocupat-per-un-hereu\/\">QU\u00c8 CAL FER SI L\u2019IMMOBLE QUE HERETEM EST\u00c0 OCUPAT PER UN HEREU?<\/a><\/h2><p class=\"fusion-single-line-meta\">By <span class=\"vcard\"><span class=\"fn\"><a href=\"https:\/\/www.aregaymartin.cat\/index.php\/author\/laura\/\" title=\"Entradas de Laura Aregay\" rel=\"author\">Laura Aregay<\/a><\/span><\/span><span class=\"fusion-inline-sep\">|<\/span><span class=\"updated\" style=\"display:none;\">2023-08-22T16:23:04+00:00<\/span><span>agosto 22, 2023<\/span><span class=\"fusion-inline-sep\">|<\/span>Categories: <a href=\"https:\/\/www.aregaymartin.cat\/index.php\/category\/actualitat-juridica\/\" rel=\"category tag\">Actualitat Jur\u00eddica<\/a><span class=\"fusion-inline-sep\">|<\/span><span class=\"meta-tags\">Tags: <a href=\"https:\/\/www.aregaymartin.cat\/index.php\/tag\/desnonament\/\" rel=\"tag\">desnonament<\/a>, <a href=\"https:\/\/www.aregaymartin.cat\/index.php\/tag\/dret-successori\/\" rel=\"tag\">dret successori<\/a>, <a href=\"https:\/\/www.aregaymartin.cat\/index.php\/tag\/hereu-ocupa-habitatge\/\" rel=\"tag\">hereu ocupa habitatge<\/a>, <a href=\"https:\/\/www.aregaymartin.cat\/index.php\/tag\/hereus\/\" rel=\"tag\">hereus<\/a><\/span><span class=\"fusion-inline-sep\">|<\/span><\/p><div class=\"fusion-content-sep sep-double sep-solid\"><\/div><div class=\"fusion-post-content-container\"><p>Quan mor una persona, els b\u00e9ns dels que era titular es reparteixen entre els seus hereus. Si el difunt era propietari d\u2019un habitatge, aquest passa als seus hereus. Si l\u2019habitatge l\u2019hereten varis germans, poden sorgir problemes ja que potser no [...]<\/p><\/div><\/div><div class=\"fusion-meta-info\"><div class=\"fusion-alignleft\"><a class=\"fusion-read-more\" href=\"https:\/\/www.aregaymartin.cat\/index.php\/2023\/08\/22\/que-cal-fer-si-limmoble-que-heretem-esta-ocupat-per-un-hereu\/\" aria-label=\"More on QU\u00c8 CAL FER SI L\u2019IMMOBLE QUE HERETEM EST\u00c0 OCUPAT PER UN HEREU?\">Read More<\/a><\/div><div class=\"fusion-alignright\"><a href=\"https:\/\/www.aregaymartin.cat\/index.php\/2023\/08\/22\/que-cal-fer-si-limmoble-que-heretem-esta-ocupat-per-un-hereu\/#respond\"><i class=\"awb-icon-bubbles\" aria-hidden=\"true\"><\/i>&nbsp;0<\/a><\/div><\/div><\/div><div class=\"fusion-clearfix\"><\/div><\/div>\n<\/article>\n<article id=\"blog-1-post-563\" class=\"fusion-post-grid post-563 post type-post status-publish format-standard has-post-thumbnail hentry category-actualitat-juridica tag-conflicte tag-desacord tag-divorci tag-fills tag-jurisdiccio-voluntaria tag-potestat-parental tag-progenitors tag-separacio\">\n<div class=\"fusion-post-wrapper\" style=\"background-color:rgba(255,255,255,0);border:1px solid #f2f3f5;border-bottom-width:3px;\">\n\n\t\t\t<div class=\"fusion-flexslider flexslider fusion-flexslider-loading fusion-post-slideshow\" style=\"border-color:#f2f3f5;\">\n\t\t<ul class=\"slides\">\n\t\t\t\n\t\t\t\t\t\t\t\t\t\t\t\t\t\t<li><div  class=\"fusion-image-wrapper\" aria-haspopup=\"true\">\n\t\t\t\t\t\t\t<a href=\"https:\/\/www.aregaymartin.cat\/index.php\/2023\/08\/10\/desacord-en-lexercici-de-la-potestat-parental\/\" aria-label=\"DESACORD EN L\u2019EXERCICI DE LA POTESTAT PARENTAL\">\n\t\t\t\t\t\t\t<img decoding=\"async\" width=\"2048\" height=\"1366\" src=\"https:\/\/www.aregaymartin.cat\/wp-content\/uploads\/2023\/08\/padres-discutiendo.jpeg\" class=\"attachment-full size-full wp-post-image\" alt=\"\" srcset=\"https:\/\/www.aregaymartin.cat\/wp-content\/uploads\/2023\/08\/padres-discutiendo-200x133.jpeg 200w, https:\/\/www.aregaymartin.cat\/wp-content\/uploads\/2023\/08\/padres-discutiendo-400x267.jpeg 400w, https:\/\/www.aregaymartin.cat\/wp-content\/uploads\/2023\/08\/padres-discutiendo-600x400.jpeg 600w, https:\/\/www.aregaymartin.cat\/wp-content\/uploads\/2023\/08\/padres-discutiendo-800x534.jpeg 800w, https:\/\/www.aregaymartin.cat\/wp-content\/uploads\/2023\/08\/padres-discutiendo-1200x800.jpeg 1200w, https:\/\/www.aregaymartin.cat\/wp-content\/uploads\/2023\/08\/padres-discutiendo.jpeg 2048w\" sizes=\"(min-width: 2200px) 100vw, (min-width: 784px) 373px, (min-width: 712px) 560px, (min-width: 640px) 712px, \" \/>\t\t\t<\/a>\n\t\t\t\t\t\t\t<\/div>\n<\/li>\n\t\t\t\n\t\t\t\n\t\t\t\t\t\t\t\t\t\t\t\t\t\t\t\t\t\t\t\t\t\t\t\t\t\t\t\t\t\t\t\t\t\t\t\t\t\t\t\t\t\t\t\t\t\t\t\t\t\t\t\t\t\t\t\t\t\t\t\t\t\t\t\t\t\t\t\t<\/ul>\n\t<\/div>\n\t<div class=\"fusion-post-content-wrapper\" style=\"padding:30px 25px 25px 25px;\"><div class=\"fusion-post-content post-content\"><h2 class=\"blog-shortcode-post-title entry-title\"><a href=\"https:\/\/www.aregaymartin.cat\/index.php\/2023\/08\/10\/desacord-en-lexercici-de-la-potestat-parental\/\">DESACORD EN L\u2019EXERCICI DE LA POTESTAT PARENTAL<\/a><\/h2><p class=\"fusion-single-line-meta\">By <span class=\"vcard\"><span class=\"fn\"><a href=\"https:\/\/www.aregaymartin.cat\/index.php\/author\/laura\/\" title=\"Entradas de Laura Aregay\" rel=\"author\">Laura Aregay<\/a><\/span><\/span><span class=\"fusion-inline-sep\">|<\/span><span class=\"updated\" style=\"display:none;\">2023-08-10T15:17:57+00:00<\/span><span>agosto 10, 2023<\/span><span class=\"fusion-inline-sep\">|<\/span>Categories: <a href=\"https:\/\/www.aregaymartin.cat\/index.php\/category\/actualitat-juridica\/\" rel=\"category tag\">Actualitat Jur\u00eddica<\/a><span class=\"fusion-inline-sep\">|<\/span><span class=\"meta-tags\">Tags: <a href=\"https:\/\/www.aregaymartin.cat\/index.php\/tag\/conflicte\/\" rel=\"tag\">conflicte<\/a>, <a href=\"https:\/\/www.aregaymartin.cat\/index.php\/tag\/desacord\/\" rel=\"tag\">desacord<\/a>, <a href=\"https:\/\/www.aregaymartin.cat\/index.php\/tag\/divorci\/\" rel=\"tag\">divorci<\/a>, <a href=\"https:\/\/www.aregaymartin.cat\/index.php\/tag\/fills\/\" rel=\"tag\">fills<\/a>, <a href=\"https:\/\/www.aregaymartin.cat\/index.php\/tag\/jurisdiccio-voluntaria\/\" rel=\"tag\">jurisdicci\u00f3 voluntaria<\/a>, <a href=\"https:\/\/www.aregaymartin.cat\/index.php\/tag\/potestat-parental\/\" rel=\"tag\">potestat parental<\/a>, <a href=\"https:\/\/www.aregaymartin.cat\/index.php\/tag\/progenitors\/\" rel=\"tag\">progenitors<\/a>, <a href=\"https:\/\/www.aregaymartin.cat\/index.php\/tag\/separacio\/\" rel=\"tag\">separaci\u00f3<\/a><\/span><span class=\"fusion-inline-sep\">|<\/span><\/p><div class=\"fusion-content-sep sep-double sep-solid\"><\/div><div class=\"fusion-post-content-container\"><p>En aquest article explicarem com es solucionen els conflictes en l\u2019exercici de la potestat parental. En primer lloc, cal saber qu\u00e8 \u00e9s la potestat parental. La potestat parental \u00e9s el conjunt de drets, atribucions i deures que tenen els pares [...]<\/p><\/div><\/div><div class=\"fusion-meta-info\"><div class=\"fusion-alignleft\"><a class=\"fusion-read-more\" href=\"https:\/\/www.aregaymartin.cat\/index.php\/2023\/08\/10\/desacord-en-lexercici-de-la-potestat-parental\/\" aria-label=\"More on DESACORD EN L\u2019EXERCICI DE LA POTESTAT PARENTAL\">Read More<\/a><\/div><div class=\"fusion-alignright\"><a href=\"https:\/\/www.aregaymartin.cat\/index.php\/2023\/08\/10\/desacord-en-lexercici-de-la-potestat-parental\/#respond\"><i class=\"awb-icon-bubbles\" aria-hidden=\"true\"><\/i>&nbsp;0<\/a><\/div><\/div><\/div><div class=\"fusion-clearfix\"><\/div><\/div>\n<\/article>\n<article id=\"blog-1-post-556\" class=\"fusion-post-grid post-556 post type-post status-publish format-standard has-post-thumbnail hentry category-actualitat-juridica tag-caiguda-carrer tag-reclamacio-indemnitzacio tag-reclamacio-patrimonial tag-responsabilitat-ajuntament tag-responsabilitat-patrimonial\">\n<div class=\"fusion-post-wrapper\" style=\"background-color:rgba(255,255,255,0);border:1px solid #f2f3f5;border-bottom-width:3px;\">\n\n\t\t\t<div class=\"fusion-flexslider flexslider fusion-flexslider-loading fusion-post-slideshow\" style=\"border-color:#f2f3f5;\">\n\t\t<ul class=\"slides\">\n\t\t\t\n\t\t\t\t\t\t\t\t\t\t\t\t\t\t<li><div  class=\"fusion-image-wrapper\" aria-haspopup=\"true\">\n\t\t\t\t\t\t\t<a href=\"https:\/\/www.aregaymartin.cat\/index.php\/2022\/12\/08\/responsabilitat-patrimonial-de-les-administracions-publiques\/\" aria-label=\"RESPONSABILITAT PATRIMONIAL DE LES ADMINISTRACIONS P\u00daBLIQUES\">\n\t\t\t\t\t\t\t<img decoding=\"async\" width=\"1072\" height=\"804\" src=\"https:\/\/www.aregaymartin.cat\/wp-content\/uploads\/2022\/12\/Calles_en_mal_estado_-_panoramio-1.jpg\" class=\"attachment-full size-full wp-post-image\" alt=\"\" srcset=\"https:\/\/www.aregaymartin.cat\/wp-content\/uploads\/2022\/12\/Calles_en_mal_estado_-_panoramio-1-200x150.jpg 200w, https:\/\/www.aregaymartin.cat\/wp-content\/uploads\/2022\/12\/Calles_en_mal_estado_-_panoramio-1-400x300.jpg 400w, https:\/\/www.aregaymartin.cat\/wp-content\/uploads\/2022\/12\/Calles_en_mal_estado_-_panoramio-1-600x450.jpg 600w, https:\/\/www.aregaymartin.cat\/wp-content\/uploads\/2022\/12\/Calles_en_mal_estado_-_panoramio-1-800x600.jpg 800w, https:\/\/www.aregaymartin.cat\/wp-content\/uploads\/2022\/12\/Calles_en_mal_estado_-_panoramio-1.jpg 1072w\" sizes=\"(min-width: 2200px) 100vw, (min-width: 784px) 373px, (min-width: 712px) 560px, (min-width: 640px) 712px, \" \/>\t\t\t<\/a>\n\t\t\t\t\t\t\t<\/div>\n<\/li>\n\t\t\t\n\t\t\t\n\t\t\t\t\t\t\t\t\t\t\t\t\t\t\t\t\t\t\t\t\t\t\t\t\t\t\t\t\t\t\t\t\t\t\t\t\t\t\t\t\t\t\t\t\t\t\t\t\t\t\t\t\t\t\t\t\t\t\t\t\t\t\t\t\t\t\t\t<\/ul>\n\t<\/div>\n\t<div class=\"fusion-post-content-wrapper\" style=\"padding:30px 25px 25px 25px;\"><div class=\"fusion-post-content post-content\"><h2 class=\"blog-shortcode-post-title entry-title\"><a href=\"https:\/\/www.aregaymartin.cat\/index.php\/2022\/12\/08\/responsabilitat-patrimonial-de-les-administracions-publiques\/\">RESPONSABILITAT PATRIMONIAL DE LES ADMINISTRACIONS P\u00daBLIQUES<\/a><\/h2><p class=\"fusion-single-line-meta\">By <span class=\"vcard\"><span class=\"fn\"><a href=\"https:\/\/www.aregaymartin.cat\/index.php\/author\/laura\/\" title=\"Entradas de Laura Aregay\" rel=\"author\">Laura Aregay<\/a><\/span><\/span><span class=\"fusion-inline-sep\">|<\/span><span class=\"updated\" style=\"display:none;\">2022-12-08T13:44:51+00:00<\/span><span>diciembre 8, 2022<\/span><span class=\"fusion-inline-sep\">|<\/span>Categories: <a href=\"https:\/\/www.aregaymartin.cat\/index.php\/category\/actualitat-juridica\/\" rel=\"category tag\">Actualitat Jur\u00eddica<\/a><span class=\"fusion-inline-sep\">|<\/span><span class=\"meta-tags\">Tags: <a href=\"https:\/\/www.aregaymartin.cat\/index.php\/tag\/caiguda-carrer\/\" rel=\"tag\">caiguda carrer<\/a>, <a href=\"https:\/\/www.aregaymartin.cat\/index.php\/tag\/reclamacio-indemnitzacio\/\" rel=\"tag\">reclamaci\u00f3 indemnitzaci\u00f3<\/a>, <a href=\"https:\/\/www.aregaymartin.cat\/index.php\/tag\/reclamacio-patrimonial\/\" rel=\"tag\">reclamaci\u00f3 patrimonial<\/a>, <a href=\"https:\/\/www.aregaymartin.cat\/index.php\/tag\/responsabilitat-ajuntament\/\" rel=\"tag\">responsabilitat ajuntament<\/a>, <a href=\"https:\/\/www.aregaymartin.cat\/index.php\/tag\/responsabilitat-patrimonial\/\" rel=\"tag\">responsabilitat patrimonial<\/a><\/span><span class=\"fusion-inline-sep\">|<\/span><\/p><div class=\"fusion-content-sep sep-double sep-solid\"><\/div><div class=\"fusion-post-content-container\"><p>\u2460 \u00bfQu\u00e8 \u00e9s la Responsabilitat Patrimonial? La responsabilitat patrimonial de les Administracions P\u00fabliques (l\u2019Administraci\u00f3 General de l\u2019Estat, les Administracions de les Comunitats Aut\u00f2nomes, les Entitats que integren l\u2019Administraci\u00f3 Local) consisteix en indemnitzar econ\u00f2micament a les persones (f\u00edsiques o jur\u00eddiques) pels [...]<\/p><\/div><\/div><div class=\"fusion-meta-info\"><div class=\"fusion-alignleft\"><a class=\"fusion-read-more\" href=\"https:\/\/www.aregaymartin.cat\/index.php\/2022\/12\/08\/responsabilitat-patrimonial-de-les-administracions-publiques\/\" aria-label=\"More on RESPONSABILITAT PATRIMONIAL DE LES ADMINISTRACIONS P\u00daBLIQUES\">Read More<\/a><\/div><div class=\"fusion-alignright\"><a href=\"https:\/\/www.aregaymartin.cat\/index.php\/2022\/12\/08\/responsabilitat-patrimonial-de-les-administracions-publiques\/#respond\"><i class=\"awb-icon-bubbles\" aria-hidden=\"true\"><\/i>&nbsp;0<\/a><\/div><\/div><\/div><div class=\"fusion-clearfix\"><\/div><\/div>\n<\/article>\n<article id=\"blog-1-post-543\" class=\"fusion-post-grid post-543 post type-post status-publish format-standard has-post-thumbnail hentry category-actualitat-juridica tag-atribucio-us-habitatge-familiar tag-divorci tag-domicili-familiar tag-extincio-us-habitatge-familiar tag-separacio\">\n<div class=\"fusion-post-wrapper\" style=\"background-color:rgba(255,255,255,0);border:1px solid #f2f3f5;border-bottom-width:3px;\">\n\n\t\t\t<div class=\"fusion-flexslider flexslider fusion-flexslider-loading fusion-post-slideshow\" style=\"border-color:#f2f3f5;\">\n\t\t<ul class=\"slides\">\n\t\t\t\n\t\t\t\t\t\t\t\t\t\t\t\t\t\t<li><div  class=\"fusion-image-wrapper\" aria-haspopup=\"true\">\n\t\t\t\t\t\t\t<a href=\"https:\/\/www.aregaymartin.cat\/index.php\/2022\/08\/27\/atribucio-de-lus-del-domicili-familiar-en-cas-de-divorci-o-separacio\/\" aria-label=\"ATRIBUCI\u00d3 DE L\u2019\u00daS DEL DOMICILI FAMILIAR EN CAS DE DIVORCI O SEPARACI\u00d3\">\n\t\t\t\t\t\t\t<img decoding=\"async\" width=\"2560\" height=\"1779\" src=\"https:\/\/www.aregaymartin.cat\/wp-content\/uploads\/2022\/08\/shutterstock_1154470750-2-scaled.jpg\" class=\"attachment-full size-full wp-post-image\" alt=\"\" srcset=\"https:\/\/www.aregaymartin.cat\/wp-content\/uploads\/2022\/08\/shutterstock_1154470750-2-200x139.jpg 200w, https:\/\/www.aregaymartin.cat\/wp-content\/uploads\/2022\/08\/shutterstock_1154470750-2-400x278.jpg 400w, https:\/\/www.aregaymartin.cat\/wp-content\/uploads\/2022\/08\/shutterstock_1154470750-2-600x417.jpg 600w, https:\/\/www.aregaymartin.cat\/wp-content\/uploads\/2022\/08\/shutterstock_1154470750-2-800x556.jpg 800w, https:\/\/www.aregaymartin.cat\/wp-content\/uploads\/2022\/08\/shutterstock_1154470750-2-1200x834.jpg 1200w, https:\/\/www.aregaymartin.cat\/wp-content\/uploads\/2022\/08\/shutterstock_1154470750-2-scaled.jpg 2560w\" sizes=\"(min-width: 2200px) 100vw, (min-width: 784px) 373px, (min-width: 712px) 560px, (min-width: 640px) 712px, \" \/>\t\t\t<\/a>\n\t\t\t\t\t\t\t<\/div>\n<\/li>\n\t\t\t\n\t\t\t\n\t\t\t\t\t\t\t\t\t\t\t\t\t\t\t\t\t\t\t\t\t\t\t\t\t\t\t\t\t\t\t\t\t\t\t\t\t\t\t\t\t\t\t\t\t\t\t\t\t\t\t\t\t\t\t\t\t\t\t\t\t\t\t\t\t\t\t\t<\/ul>\n\t<\/div>\n\t<div class=\"fusion-post-content-wrapper\" style=\"padding:30px 25px 25px 25px;\"><div class=\"fusion-post-content post-content\"><h2 class=\"blog-shortcode-post-title entry-title\"><a href=\"https:\/\/www.aregaymartin.cat\/index.php\/2022\/08\/27\/atribucio-de-lus-del-domicili-familiar-en-cas-de-divorci-o-separacio\/\">ATRIBUCI\u00d3 DE L\u2019\u00daS DEL DOMICILI FAMILIAR EN CAS DE DIVORCI O SEPARACI\u00d3<\/a><\/h2><p class=\"fusion-single-line-meta\">By <span class=\"vcard\"><span class=\"fn\"><a href=\"https:\/\/www.aregaymartin.cat\/index.php\/author\/laura\/\" title=\"Entradas de Laura Aregay\" rel=\"author\">Laura Aregay<\/a><\/span><\/span><span class=\"fusion-inline-sep\">|<\/span><span class=\"updated\" style=\"display:none;\">2022-08-27T17:54:48+00:00<\/span><span>agosto 27, 2022<\/span><span class=\"fusion-inline-sep\">|<\/span>Categories: <a href=\"https:\/\/www.aregaymartin.cat\/index.php\/category\/actualitat-juridica\/\" rel=\"category tag\">Actualitat Jur\u00eddica<\/a><span class=\"fusion-inline-sep\">|<\/span><span class=\"meta-tags\">Tags: <a href=\"https:\/\/www.aregaymartin.cat\/index.php\/tag\/atribucio-us-habitatge-familiar\/\" rel=\"tag\">atribuci\u00f3 \u00fas habitatge familiar<\/a>, <a href=\"https:\/\/www.aregaymartin.cat\/index.php\/tag\/divorci\/\" rel=\"tag\">divorci<\/a>, <a href=\"https:\/\/www.aregaymartin.cat\/index.php\/tag\/domicili-familiar\/\" rel=\"tag\">domicili familiar<\/a>, <a href=\"https:\/\/www.aregaymartin.cat\/index.php\/tag\/extincio-us-habitatge-familiar\/\" rel=\"tag\">extinci\u00f3 \u00fas habitatge familiar<\/a>, <a href=\"https:\/\/www.aregaymartin.cat\/index.php\/tag\/separacio\/\" rel=\"tag\">separaci\u00f3<\/a><\/span><span class=\"fusion-inline-sep\">|<\/span><\/p><div class=\"fusion-content-sep sep-double sep-solid\"><\/div><div class=\"fusion-post-content-container\"><p>En els procediments de divorci o separaci\u00f3, un dels punts m\u00e9s conflictius acostuma a ser el de l\u2019atribuci\u00f3 o distribuci\u00f3 de l\u2019\u00fas de l\u2019habitatge familiar. A continuaci\u00f3 donarem resposta als dubtes m\u00e9s comuns que poden sorgir en relaci\u00f3 a l\u2019atribuci\u00f3 [...]<\/p><\/div><\/div><div class=\"fusion-meta-info\"><div class=\"fusion-alignleft\"><a class=\"fusion-read-more\" href=\"https:\/\/www.aregaymartin.cat\/index.php\/2022\/08\/27\/atribucio-de-lus-del-domicili-familiar-en-cas-de-divorci-o-separacio\/\" aria-label=\"More on ATRIBUCI\u00d3 DE L\u2019\u00daS DEL DOMICILI FAMILIAR EN CAS DE DIVORCI O SEPARACI\u00d3\">Read More<\/a><\/div><div class=\"fusion-alignright\"><a href=\"https:\/\/www.aregaymartin.cat\/index.php\/2022\/08\/27\/atribucio-de-lus-del-domicili-familiar-en-cas-de-divorci-o-separacio\/#respond\"><i class=\"awb-icon-bubbles\" aria-hidden=\"true\"><\/i>&nbsp;0<\/a><\/div><\/div><\/div><div class=\"fusion-clearfix\"><\/div><\/div>\n<\/article>\n<div class=\"fusion-clearfix\"><\/div><\/div><div class=\"pagination clearfix\"><span class=\"current\">1<\/span><a href=\"https:\/\/www.aregaymartin.cat\/index.php\/wp-json\/wp\/v2\/pages\/22\/page\/2\/\" class=\"inactive\">2<\/a><a class=\"pagination-next\" rel=\"next\" href=\"https:\/\/www.aregaymartin.cat\/index.php\/wp-json\/wp\/v2\/pages\/22\/page\/2\/\"><span class=\"page-text\">Siguiente<\/span><span class=\"page-next\"><\/span><\/a><\/div><div class=\"fusion-clearfix\"><\/div><\/div><\/div><\/div><\/div><\/div>\n","protected":false},"excerpt":{"rendered":"","protected":false},"author":1,"featured_media":0,"parent":0,"menu_order":0,"comment_status":"closed","ping_status":"closed","template":"","meta":{"footnotes":""},"class_list":["post-22","page","type-page","status-publish","hentry"],"yoast_head":"<!-- This site is optimized with the Yoast SEO plugin v24.7 - https:\/\/yoast.com\/wordpress\/plugins\/seo\/ -->\n<title>Actualitat Jur\u00eddica - Laura Aregay Martin<\/title>\n<meta name=\"robots\" content=\"index, follow, max-snippet:-1, max-image-preview:large, max-video-preview:-1\" \/>\n<link rel=\"canonical\" href=\"https:\/\/www.aregaymartin.cat\/index.php\/actualitat-juridica\/\" \/>\n<meta property=\"og:locale\" content=\"es_ES\" \/>\n<meta property=\"og:type\" content=\"article\" \/>\n<meta property=\"og:title\" content=\"Actualitat Jur\u00eddica - Laura Aregay Martin\" \/>\n<meta property=\"og:url\" content=\"https:\/\/www.aregaymartin.cat\/index.php\/actualitat-juridica\/\" \/>\n<meta property=\"og:site_name\" content=\"Laura Aregay Martin\" \/>\n<meta property=\"article:modified_time\" content=\"2020-12-16T10:32:43+00:00\" \/>\n<meta name=\"twitter:card\" content=\"summary_large_image\" \/>\n<meta name=\"twitter:label1\" content=\"Tiempo de lectura\" \/>\n\t<meta name=\"twitter:data1\" content=\"3 minutos\" \/>\n<script type=\"application\/ld+json\" class=\"yoast-schema-graph\">{\"@context\":\"https:\/\/schema.org\",\"@graph\":[{\"@type\":\"WebPage\",\"@id\":\"https:\/\/www.aregaymartin.cat\/index.php\/actualitat-juridica\/\",\"url\":\"https:\/\/www.aregaymartin.cat\/index.php\/actualitat-juridica\/\",\"name\":\"Actualitat Jur\u00eddica - Laura Aregay Martin\",\"isPartOf\":{\"@id\":\"https:\/\/www.aregaymartin.cat\/#website\"},\"datePublished\":\"2020-12-03T12:33:53+00:00\",\"dateModified\":\"2020-12-16T10:32:43+00:00\",\"breadcrumb\":{\"@id\":\"https:\/\/www.aregaymartin.cat\/index.php\/actualitat-juridica\/#breadcrumb\"},\"inLanguage\":\"es\",\"potentialAction\":[{\"@type\":\"ReadAction\",\"target\":[\"https:\/\/www.aregaymartin.cat\/index.php\/actualitat-juridica\/\"]}]},{\"@type\":\"BreadcrumbList\",\"@id\":\"https:\/\/www.aregaymartin.cat\/index.php\/actualitat-juridica\/#breadcrumb\",\"itemListElement\":[{\"@type\":\"ListItem\",\"position\":1,\"name\":\"Portada\",\"item\":\"https:\/\/www.aregaymartin.cat\/\"},{\"@type\":\"ListItem\",\"position\":2,\"name\":\"Actualitat Jur\u00eddica\"}]},{\"@type\":\"WebSite\",\"@id\":\"https:\/\/www.aregaymartin.cat\/#website\",\"url\":\"https:\/\/www.aregaymartin.cat\/\",\"name\":\"Laura Aregay Martin\",\"description\":\"Advocada i Mediadora\",\"potentialAction\":[{\"@type\":\"SearchAction\",\"target\":{\"@type\":\"EntryPoint\",\"urlTemplate\":\"https:\/\/www.aregaymartin.cat\/?s={search_term_string}\"},\"query-input\":{\"@type\":\"PropertyValueSpecification\",\"valueRequired\":true,\"valueName\":\"search_term_string\"}}],\"inLanguage\":\"es\"}]}<\/script>\n<!-- \/ Yoast SEO plugin. -->","yoast_head_json":{"title":"Actualitat Jur\u00eddica - Laura Aregay Martin","robots":{"index":"index","follow":"follow","max-snippet":"max-snippet:-1","max-image-preview":"max-image-preview:large","max-video-preview":"max-video-preview:-1"},"canonical":"https:\/\/www.aregaymartin.cat\/index.php\/actualitat-juridica\/","og_locale":"es_ES","og_type":"article","og_title":"Actualitat Jur\u00eddica - Laura Aregay Martin","og_url":"https:\/\/www.aregaymartin.cat\/index.php\/actualitat-juridica\/","og_site_name":"Laura Aregay Martin","article_modified_time":"2020-12-16T10:32:43+00:00","twitter_card":"summary_large_image","twitter_misc":{"Tiempo de lectura":"3 minutos"},"schema":{"@context":"https:\/\/schema.org","@graph":[{"@type":"WebPage","@id":"https:\/\/www.aregaymartin.cat\/index.php\/actualitat-juridica\/","url":"https:\/\/www.aregaymartin.cat\/index.php\/actualitat-juridica\/","name":"Actualitat Jur\u00eddica - Laura Aregay Martin","isPartOf":{"@id":"https:\/\/www.aregaymartin.cat\/#website"},"datePublished":"2020-12-03T12:33:53+00:00","dateModified":"2020-12-16T10:32:43+00:00","breadcrumb":{"@id":"https:\/\/www.aregaymartin.cat\/index.php\/actualitat-juridica\/#breadcrumb"},"inLanguage":"es","potentialAction":[{"@type":"ReadAction","target":["https:\/\/www.aregaymartin.cat\/index.php\/actualitat-juridica\/"]}]},{"@type":"BreadcrumbList","@id":"https:\/\/www.aregaymartin.cat\/index.php\/actualitat-juridica\/#breadcrumb","itemListElement":[{"@type":"ListItem","position":1,"name":"Portada","item":"https:\/\/www.aregaymartin.cat\/"},{"@type":"ListItem","position":2,"name":"Actualitat Jur\u00eddica"}]},{"@type":"WebSite","@id":"https:\/\/www.aregaymartin.cat\/#website","url":"https:\/\/www.aregaymartin.cat\/","name":"Laura Aregay Martin","description":"Advocada i Mediadora","potentialAction":[{"@type":"SearchAction","target":{"@type":"EntryPoint","urlTemplate":"https:\/\/www.aregaymartin.cat\/?s={search_term_string}"},"query-input":{"@type":"PropertyValueSpecification","valueRequired":true,"valueName":"search_term_string"}}],"inLanguage":"es"}]}},"_links":{"self":[{"href":"https:\/\/www.aregaymartin.cat\/index.php\/wp-json\/wp\/v2\/pages\/22","targetHints":{"allow":["GET"]}}],"collection":[{"href":"https:\/\/www.aregaymartin.cat\/index.php\/wp-json\/wp\/v2\/pages"}],"about":[{"href":"https:\/\/www.aregaymartin.cat\/index.php\/wp-json\/wp\/v2\/types\/page"}],"author":[{"embeddable":true,"href":"https:\/\/www.aregaymartin.cat\/index.php\/wp-json\/wp\/v2\/users\/1"}],"replies":[{"embeddable":true,"href":"https:\/\/www.aregaymartin.cat\/index.php\/wp-json\/wp\/v2\/comments?post=22"}],"version-history":[{"count":3,"href":"https:\/\/www.aregaymartin.cat\/index.php\/wp-json\/wp\/v2\/pages\/22\/revisions"}],"predecessor-version":[{"id":334,"href":"https:\/\/www.aregaymartin.cat\/index.php\/wp-json\/wp\/v2\/pages\/22\/revisions\/334"}],"wp:attachment":[{"href":"https:\/\/www.aregaymartin.cat\/index.php\/wp-json\/wp\/v2\/media?parent=22"}],"curies":[{"name":"wp","href":"https:\/\/api.w.org\/{rel}","templated":true}]}}