{"id":102,"date":"2020-12-04T11:20:09","date_gmt":"2020-12-04T11:20:09","guid":{"rendered":"https:\/\/www.aregaymartin.cat\/?page_id=102"},"modified":"2021-01-15T12:40:30","modified_gmt":"2021-01-15T12:40:30","slug":"politica-de-privacitat","status":"publish","type":"page","link":"https:\/\/www.aregaymartin.cat\/index.php\/politica-de-privacitat\/","title":{"rendered":"Nota Legal i Pol\u00edtica de Privacitat"},"content":{"rendered":"<h1 style=\"text-align: center;\">AVISO LEGAL<\/h1>\n<p>Esta p\u00e1gina Web es propiedad de Laura Aregay Martin con NIF n\u00ba 45829703H y domicilio en Ind\u00fastria, 10, 1\u00ba-2\u00aa (08620 Sant Vicen\u00e7 Dels Horts) e Inscrita en el r\u00e9gimen de aut\u00f3nomos.<\/p>\n<p>Para cualquier consulta o propuesta, cont\u00e1ctenos en el e-mail: laura.aregay@gmail.com<\/p>\n<p>Esta p\u00e1gina Web se rige por la normativa exclusivamente aplicable en Espa\u00f1a, quedando sometida a ella, tanto nacionales como extranjeros que utilicen esta Web.<\/p>\n<p>El acceso a nuestra p\u00e1gina Web por parte del USUARIO es gratuito y est\u00e1 condicionado a la previa lectura y aceptaci\u00f3n integra, expresa y sin reservas de las presentes CONDICIONES GENERALES DE USO vigentes en el momento del acceso, que rogamos lea detenidamente. El USUARIO en el momento que utiliza nuestro portal, sus contenidos o servicios, acepta y se somete expresamente a las condiciones generales de uso del mismo. Si el usuario no estuviere de acuerdo con las presentes condiciones de uso, deber\u00e1 abstenerse de utilizar este portal y operar por medio del mismo.<\/p>\n<p>En cualquier momento podremos modificar la presentaci\u00f3n y configuraci\u00f3n de nuestra Web, ampliar o reducir servicios, e incluso suprimirla de la Red, as\u00ed como los servicios y contenidos prestados, todo ello de forma unilateral y sin previo aviso.<\/p>\n<p>A. PROPIEDAD INTELECTUAL<br \/>\nTodos los contenidos, textos, im\u00e1genes, marcas y c\u00f3digos fuente son de nuestra propiedad o de terceros a los que se han adquirido sus derechos de explotaci\u00f3n, y est\u00e1n protegidos por los derechos de Propiedad Intelectual e Industrial.<br \/>\nEl usuario \u00fanicamente tiene derecho a un uso privado de los mismos, sin \u00e1nimo de lucro, y necesita autorizaci\u00f3n expresa para modificarlos, reproducirlos, explotarlos, distribuirlos o ejercer cualquier derecho perteneciente a su titular.<\/p>\n<p>B. CONDICIONES DE ACCESO<br \/>\nEl acceso a nuestra p\u00e1gina Web es gratuito y no exige previa suscripci\u00f3n o registro.<br \/>\nEl env\u00edo de datos personales implica la aceptaci\u00f3n expresa por parte del USUARIO de nuestra pol\u00edtica de privacidad.<br \/>\nEl usuario debe acceder a nuestra p\u00e1gina Web conforme a la buena fe, las normas de orden p\u00fablico y a las presentes Condiciones Generales de uso. El acceso a nuestro sitio Web se realiza bajo la propia y exclusiva responsabilidad del usuario, que responder\u00e1 en todo caso de los da\u00f1os y perjuicios que pueda causar a terceros o a nosotros mismos.<br \/>\nTeniendo en cuenta la imposibilidad de control respecto a la informaci\u00f3n, contenidos y servicios que contengan otras p\u00e1ginas web a los que se pueda acceder a trav\u00e9s de los enlaces que nuestra p\u00e1gina web pueda poner a su disposici\u00f3n, le comunicamos que quedamos eximidos de cualquier responsabilidad por los da\u00f1os y perjuicios de toda clase que pudiesen derivar por la utilizaci\u00f3n de esas p\u00e1ginas web, ajenas a nuestra empresa, por parte del usuario.<\/p>\n<p>C. POL\u00cdTICA DE PRIVACIDAD<br \/>\nLa confidencialidad y la seguridad son valores primordiales de Laura Aregay Martin y, en consecuencia, asumimos el compromiso de garantizar la privacidad del Usuario en todo momento y de no recabar informaci\u00f3n innecesaria. A continuaci\u00f3n, le proporcionamos toda la informaci\u00f3n necesaria sobre nuestra Pol\u00edtica de Privacidad en relaci\u00f3n con los datos personales que recabamos, explic\u00e1ndole:<br \/>\n\u2022 Qui\u00e9n es el responsable del tratamiento de sus datos.<br \/>\n\u2022 Para qu\u00e9 finalidades recabamos los datos que le solicitamos.<br \/>\n\u2022 Cu\u00e1l es la legitimaci\u00f3n para su tratamiento.<br \/>\n\u2022 Durante cu\u00e1nto tiempo los conservamos.<br \/>\n\u2022 A qu\u00e9 destinatarios se comunican sus datos.<br \/>\n\u2022 Cu\u00e1les son sus derechos y c\u00f3mo ejercerlos.<\/p>\n<p>1. RESPONSABLE: ver datos en el encabezamiento.<\/p>\n<p>2. FINALIDADES, LEGITIMACI\u00d3N Y CONSERVACI\u00d3N de los tratamientos de los datos enviados a trav\u00e9s de:<br \/>\n\u2022 Formulario de Contacto.<br \/>\nFinalidad: Facilitarle un medio para que pueda ponerse en contacto con nosotros y contestar a sus solicitudes de informaci\u00f3n, as\u00ed como enviarle comunicaciones de nuestros productos, servicios y actividades, inclusive por medios electr\u00f3nicos (correo electr\u00f3nico, SMS, etc.), si marca la casilla de aceptaci\u00f3n.<br \/>\nLegitimaci\u00f3n: El consentimiento del usuario al solicitarnos informaci\u00f3n a trav\u00e9s de nuestro formulario de contactos y al marcar la casilla de aceptaci\u00f3n de env\u00edo de informaci\u00f3n.<br \/>\nConservaci\u00f3n: Una vez resuelta su solicitud por medio de nuestro formulario o contestada por correo electr\u00f3nico, si no ha generado un nuevo tratamiento, y en caso de haber aceptado recibir env\u00edos comerciales, hasta que solicite la baja de los mismos.<br \/>\n\u2022 Env\u00edo de correos electr\u00f3nicos.<br \/>\nFinalidad: Contestar a sus solicitudes de informaci\u00f3n, atender sus peticiones y responder sus consultas o dudas. En caso de recibir su Curr\u00edculum Vitae, sus datos personales y curriculares podr\u00e1n formar parte de nuestras bases de datos para participar en nuestros procesos de selecci\u00f3n presentes y futuros.<br \/>\nLegitimaci\u00f3n: El consentimiento del usuario al solicitarnos informaci\u00f3n a trav\u00e9s de la direcci\u00f3n de correo electr\u00f3nico o enviarnos sus datos y CV para participar en nuestros procesos de selecci\u00f3n.<br \/>\nConservaci\u00f3n: Una vez resulta contestada su petici\u00f3n por correo electr\u00f3nico, si no ha generado un nuevo tratamiento. En el caso de recibir su CV, sus datos podr\u00e1n ser conservados durante un a\u00f1o m\u00e1ximo para futuros procesos de selecci\u00f3n.<br \/>\nObligaci\u00f3n de facilitarnos sus datos personales y consecuencias de no hacerlo.<br \/>\nEl suministro de datos personales requiere una edad m\u00ednima de 14 a\u00f1os o, en su caso, la edad m\u00ednima que establezca la normativa de protecci\u00f3n de datos aplicable y\/o disponer de capacidad jur\u00eddica suficiente para contratar.<br \/>\nLos datos personales solicitados son necesarios para gestionar sus solicitudes, darle de alta como usuario y\/o prestarle los servicios que pueda contratar, por lo que, si no nos los facilita, no podremos atenderle correctamente ni prestarle el servicio que ha solicitado.<br \/>\nEn todo caso, nos reservamos el derecho de decidir sobre la incorporaci\u00f3n o no de sus datos personales y dem\u00e1s informaci\u00f3n a nuestras bases de datos.<\/p>\n<p>3. DESTINATARIOS DE SUS DATOS.<br \/>\nSus datos son confidenciales y no se ceder\u00e1n a terceros, salvo que exista obligaci\u00f3n legal.<\/p>\n<p>4) COOKIES<\/p>\n<p>Esta p\u00e1gina web utiliza cookies t\u00e9cnicas, de personalizaci\u00f3n, de an\u00e1lisis y publicitarias, propias y de terceros que tratan datos de conexi\u00f3n y\/o del dispositivo, as\u00ed como h\u00e1bitos de navegaci\u00f3n para fines estad\u00edsticos y publicitarios.<\/p>\n<p>Por ello, al acceder a nuestra web, en cumplimiento del art\u00edculo 22 de la Ley de Servicios de la Sociedad de la Informaci\u00f3n, al tratar las cookies mencionadas, le hemos solicitado su consentimiento para su uso y facilitado la informaci\u00f3n sobre las mismas.<\/p>\n<p>5. DERECHOS EN RELACI\u00d3N CON SUS DATOS PERSONALES.<br \/>\nCualquier persona puede retirar su consentimiento en cualquier momento, cuando el mismo se haya otorgado para el tratamiento de sus datos. En ning\u00fan caso, la retirada de este consentimiento condiciona la ejecuci\u00f3n del contrato de suscripci\u00f3n o las relaciones generadas con anterioridad.<br \/>\nIgualmente, puede ejercer los siguientes derechos:<br \/>\n\u2022 Solicitar el acceso a sus datos personales o su rectificaci\u00f3n cuando sean inexactos.<br \/>\n\u2022 Solicitar su supresi\u00f3n cuando, entre otros motivos, los datos ya no sean necesarios para los fines para los que fueron recogidos.<br \/>\n\u2022 Solicitar la limitaci\u00f3n de su tratamiento en determinadas circunstancias.<br \/>\n\u2022 Solicitar la oposici\u00f3n al tratamiento de sus datos por motivos relacionados con su situaci\u00f3n particular.<br \/>\n\u2022 Solicitar la portabilidad de los datos en los casos previstos en la normativa.<br \/>\n\u2022 Otros derechos reconocidos en las normativas aplicables.<br \/>\nD\u00f3nde y c\u00f3mo solicitar sus Derechos: Mediante un escrito dirigido al responsable a su direcci\u00f3n postal o electr\u00f3nica (indicadas en el apartado A), indicando la referencia \u201cDatos Personales\u201d, especificando el derecho que se quiere ejercer y respecto a qu\u00e9 datos personales.<br \/>\nEn caso de divergencias con la empresa en relaci\u00f3n con el tratamiento de sus datos, puede presentar una reclamaci\u00f3n ante la Agencia de Protecci\u00f3n de Datos (www.agpd.es).<\/p>\n<p>6. SEGURIDAD DE SUS DATOS PERSONALES<br \/>\nCon el objetivo de salvaguardar la seguridad de sus datos personales, le informamos que hemos adoptado todas las medidas de \u00edndole t\u00e9cnica y organizativa necesarias para garantizar la seguridad de los datos personales suministrados de su alteraci\u00f3n, p\u00e9rdida y tratamientos o accesos no autorizados.<\/p>\n<p>7. ACTUALIZACI\u00d3N DE SUS DATOS<br \/>\nEs importante que para que podamos mantener sus datos personales actualizados, nos informe siempre que haya habido alguna modificaci\u00f3n en ellos, en caso contrario, no respondemos de la veracidad de los mismos.<br \/>\nNo nos hacemos responsables de la pol\u00edtica de privacidad respecto a los datos personales que pueda facilitar a terceros por medio de los enlaces disponibles en nuestra p\u00e1gina web.<br \/>\nLa presente Pol\u00edtica de Privacidad ha sido modificada en fecha 01\/01\/2021 y puede ser modificada para adaptarlas a los cambios que se produzca en nuestra web, as\u00ed como modificaciones legislativas o jurisprudenciales sobre datos personales que vayan apareciendo, por lo que exige su lectura, cada vez que nos facilite sus datos a trav\u00e9s de esta Web.<\/p>\n<p>D. RESPONSABILIDADES<br \/>\nAl poner a disposici\u00f3n del usuario esta p\u00e1gina Web queremos ofrecerle un servicio de calidad, utilizando la m\u00e1xima diligencia en la prestaci\u00f3n del mismo, as\u00ed como en los medios tecnol\u00f3gicos utilizados. No obstante, no responderemos de la presencia de virus y otros elementos que de alg\u00fan modo puedan da\u00f1ar el sistema inform\u00e1tico del usuario.<br \/>\nNo garantizamos que la disponibilidad del servicio sea continua e ininterrumpida.<br \/>\nEl USUARIO tiene prohibido cualquier tipo de acci\u00f3n sobre nuestro portal que origine una excesiva sobrecarga de funcionamiento a nuestros sistemas inform\u00e1ticos, as\u00ed como la introducci\u00f3n de virus, o instalaci\u00f3n de robots, o software que altere el normal funcionamiento de nuestra web, o en definitiva pueda causar da\u00f1os a nuestros sistemas inform\u00e1ticos.<br \/>\nEl USUARIO asume toda la responsabilidad derivada del uso de nuestra p\u00e1gina web.<br \/>\nEl USUARIO reconoce que ha entendido toda la informaci\u00f3n respecto a las condiciones de uso de nuestro portal, y reconoce que son suficientes para la exclusi\u00f3n del error en las mismas, y por lo tanto, las acepta integra y expresamente.<\/p>\n","protected":false},"excerpt":{"rendered":"<p>AVISO LEGAL Esta p\u00e1gina Web es propiedad de Laura Aregay  [&#8230;]<\/p>\n","protected":false},"author":1,"featured_media":0,"parent":0,"menu_order":0,"comment_status":"closed","ping_status":"closed","template":"","meta":{"footnotes":""},"class_list":["post-102","page","type-page","status-publish","hentry"],"yoast_head":"<!-- This site is optimized with the Yoast SEO plugin v24.7 - https:\/\/yoast.com\/wordpress\/plugins\/seo\/ -->\n<title>Nota Legal i Pol\u00edtica de Privacitat - Laura Aregay Martin<\/title>\n<meta name=\"robots\" content=\"index, follow, max-snippet:-1, max-image-preview:large, max-video-preview:-1\" \/>\n<link rel=\"canonical\" href=\"https:\/\/www.aregaymartin.cat\/index.php\/politica-de-privacitat\/\" \/>\n<meta property=\"og:locale\" content=\"es_ES\" \/>\n<meta property=\"og:type\" content=\"article\" \/>\n<meta property=\"og:title\" content=\"Nota Legal i Pol\u00edtica de Privacitat - Laura Aregay Martin\" \/>\n<meta property=\"og:description\" content=\"AVISO LEGAL Esta p\u00e1gina Web es propiedad de Laura Aregay [...]\" \/>\n<meta property=\"og:url\" content=\"https:\/\/www.aregaymartin.cat\/index.php\/politica-de-privacitat\/\" \/>\n<meta property=\"og:site_name\" content=\"Laura Aregay Martin\" \/>\n<meta property=\"article:modified_time\" content=\"2021-01-15T12:40:30+00:00\" \/>\n<meta name=\"twitter:card\" content=\"summary_large_image\" \/>\n<meta name=\"twitter:label1\" content=\"Tiempo de lectura\" \/>\n\t<meta name=\"twitter:data1\" content=\"7 minutos\" \/>\n<script type=\"application\/ld+json\" class=\"yoast-schema-graph\">{\"@context\":\"https:\/\/schema.org\",\"@graph\":[{\"@type\":\"WebPage\",\"@id\":\"https:\/\/www.aregaymartin.cat\/index.php\/politica-de-privacitat\/\",\"url\":\"https:\/\/www.aregaymartin.cat\/index.php\/politica-de-privacitat\/\",\"name\":\"Nota Legal i Pol\u00edtica de Privacitat - Laura Aregay Martin\",\"isPartOf\":{\"@id\":\"https:\/\/www.aregaymartin.cat\/#website\"},\"datePublished\":\"2020-12-04T11:20:09+00:00\",\"dateModified\":\"2021-01-15T12:40:30+00:00\",\"breadcrumb\":{\"@id\":\"https:\/\/www.aregaymartin.cat\/index.php\/politica-de-privacitat\/#breadcrumb\"},\"inLanguage\":\"es\",\"potentialAction\":[{\"@type\":\"ReadAction\",\"target\":[\"https:\/\/www.aregaymartin.cat\/index.php\/politica-de-privacitat\/\"]}]},{\"@type\":\"BreadcrumbList\",\"@id\":\"https:\/\/www.aregaymartin.cat\/index.php\/politica-de-privacitat\/#breadcrumb\",\"itemListElement\":[{\"@type\":\"ListItem\",\"position\":1,\"name\":\"Portada\",\"item\":\"https:\/\/www.aregaymartin.cat\/\"},{\"@type\":\"ListItem\",\"position\":2,\"name\":\"Nota Legal i Pol\u00edtica de Privacitat\"}]},{\"@type\":\"WebSite\",\"@id\":\"https:\/\/www.aregaymartin.cat\/#website\",\"url\":\"https:\/\/www.aregaymartin.cat\/\",\"name\":\"Laura Aregay Martin\",\"description\":\"Advocada i Mediadora\",\"potentialAction\":[{\"@type\":\"SearchAction\",\"target\":{\"@type\":\"EntryPoint\",\"urlTemplate\":\"https:\/\/www.aregaymartin.cat\/?s={search_term_string}\"},\"query-input\":{\"@type\":\"PropertyValueSpecification\",\"valueRequired\":true,\"valueName\":\"search_term_string\"}}],\"inLanguage\":\"es\"}]}<\/script>\n<!-- \/ Yoast SEO plugin. -->","yoast_head_json":{"title":"Nota Legal i Pol\u00edtica de Privacitat - Laura Aregay Martin","robots":{"index":"index","follow":"follow","max-snippet":"max-snippet:-1","max-image-preview":"max-image-preview:large","max-video-preview":"max-video-preview:-1"},"canonical":"https:\/\/www.aregaymartin.cat\/index.php\/politica-de-privacitat\/","og_locale":"es_ES","og_type":"article","og_title":"Nota Legal i Pol\u00edtica de Privacitat - Laura Aregay Martin","og_description":"AVISO LEGAL Esta p\u00e1gina Web es propiedad de Laura Aregay [...]","og_url":"https:\/\/www.aregaymartin.cat\/index.php\/politica-de-privacitat\/","og_site_name":"Laura Aregay Martin","article_modified_time":"2021-01-15T12:40:30+00:00","twitter_card":"summary_large_image","twitter_misc":{"Tiempo de lectura":"7 minutos"},"schema":{"@context":"https:\/\/schema.org","@graph":[{"@type":"WebPage","@id":"https:\/\/www.aregaymartin.cat\/index.php\/politica-de-privacitat\/","url":"https:\/\/www.aregaymartin.cat\/index.php\/politica-de-privacitat\/","name":"Nota Legal i Pol\u00edtica de Privacitat - Laura Aregay Martin","isPartOf":{"@id":"https:\/\/www.aregaymartin.cat\/#website"},"datePublished":"2020-12-04T11:20:09+00:00","dateModified":"2021-01-15T12:40:30+00:00","breadcrumb":{"@id":"https:\/\/www.aregaymartin.cat\/index.php\/politica-de-privacitat\/#breadcrumb"},"inLanguage":"es","potentialAction":[{"@type":"ReadAction","target":["https:\/\/www.aregaymartin.cat\/index.php\/politica-de-privacitat\/"]}]},{"@type":"BreadcrumbList","@id":"https:\/\/www.aregaymartin.cat\/index.php\/politica-de-privacitat\/#breadcrumb","itemListElement":[{"@type":"ListItem","position":1,"name":"Portada","item":"https:\/\/www.aregaymartin.cat\/"},{"@type":"ListItem","position":2,"name":"Nota Legal i Pol\u00edtica de Privacitat"}]},{"@type":"WebSite","@id":"https:\/\/www.aregaymartin.cat\/#website","url":"https:\/\/www.aregaymartin.cat\/","name":"Laura Aregay Martin","description":"Advocada i Mediadora","potentialAction":[{"@type":"SearchAction","target":{"@type":"EntryPoint","urlTemplate":"https:\/\/www.aregaymartin.cat\/?s={search_term_string}"},"query-input":{"@type":"PropertyValueSpecification","valueRequired":true,"valueName":"search_term_string"}}],"inLanguage":"es"}]}},"_links":{"self":[{"href":"https:\/\/www.aregaymartin.cat\/index.php\/wp-json\/wp\/v2\/pages\/102","targetHints":{"allow":["GET"]}}],"collection":[{"href":"https:\/\/www.aregaymartin.cat\/index.php\/wp-json\/wp\/v2\/pages"}],"about":[{"href":"https:\/\/www.aregaymartin.cat\/index.php\/wp-json\/wp\/v2\/types\/page"}],"author":[{"embeddable":true,"href":"https:\/\/www.aregaymartin.cat\/index.php\/wp-json\/wp\/v2\/users\/1"}],"replies":[{"embeddable":true,"href":"https:\/\/www.aregaymartin.cat\/index.php\/wp-json\/wp\/v2\/comments?post=102"}],"version-history":[{"count":8,"href":"https:\/\/www.aregaymartin.cat\/index.php\/wp-json\/wp\/v2\/pages\/102\/revisions"}],"predecessor-version":[{"id":427,"href":"https:\/\/www.aregaymartin.cat\/index.php\/wp-json\/wp\/v2\/pages\/102\/revisions\/427"}],"wp:attachment":[{"href":"https:\/\/www.aregaymartin.cat\/index.php\/wp-json\/wp\/v2\/media?parent=102"}],"curies":[{"name":"wp","href":"https:\/\/api.w.org\/{rel}","templated":true}]}}